{"id":88166,"date":"2025-07-02T12:01:25","date_gmt":"2025-07-02T10:01:25","guid":{"rendered":"https:\/\/gallehr.flei.dev\/?page_id=88166"},"modified":"2025-11-25T11:09:44","modified_gmt":"2025-11-25T10:09:44","slug":"fachveranstaltung-2025","status":"publish","type":"page","link":"https:\/\/gallehr.flei.dev\/de\/fachveranstaltung-2025\/","title":{"rendered":"GALLEHR+PARTNER<sup>\u00ae<\/sup> &#8211; Fachveranstaltung 2025"},"content":{"rendered":"<div class=\"wpb-content-wrapper\"><p>[vc_row unlock_row_content=&#8220;yes&#8220; row_height_percent=&#8220;0&#8243; override_padding=&#8220;yes&#8220; h_padding=&#8220;2&#8243; top_padding=&#8220;3&#8243; bottom_padding=&#8220;3&#8243; back_color=&#8220;color-202836&#8243; overlay_alpha=&#8220;50&#8243; gutter_size=&#8220;4&#8243; column_width_use_pixel=&#8220;yes&#8220; shift_y=&#8220;0&#8243; z_index=&#8220;0&#8243; column_width_pixel=&#8220;1600&#8243; uncode_shortcode_id=&#8220;188462&#8243; back_color_type=&#8220;uncode-palette&#8220;][vc_column column_width_percent=&#8220;100&#8243; position_vertical=&#8220;middle&#8220; gutter_size=&#8220;3&#8243; overlay_alpha=&#8220;50&#8243; shift_x=&#8220;0&#8243; shift_y=&#8220;0&#8243; shift_y_down=&#8220;0&#8243; z_index=&#8220;0&#8243; medium_width=&#8220;0&#8243; mobile_width=&#8220;0&#8243; css_animation=&#8220;left-t-right&#8220; animation_delay=&#8220;200&#8243; width=&#8220;1\/2&#8243;][vc_custom_heading heading_semantic=&#8220;h3&#8243; text_size=&#8220;h1&#8243; uncode_shortcode_id=&#8220;750502&#8243;]<\/p>\n<h1><span style=\"font-size: 19pt;\"><strong>Fachtagung am 26.\/27.11.2025 &#8211; Kronenschl\u00f6sschen &#8211; Eltville<\/strong><\/span><\/h1>\n<h1><span style=\"font-size: 20pt;\"><span style=\"color: #a2a5ac;\"><strong><span style=\"color: #84878d;\">Die deutsche Industrie zwischen Regulatorik und Innovation.<\/span><br \/>\n<\/strong><\/span><span style=\"font-size: 18pt;\"><strong><span style=\"color: #b01419;\">Klimaneutral. Wettbewerbsf\u00e4hig. Flexibel<\/span><\/strong><\/span><\/span><\/h1>\n<h4><a href=\"https:\/\/gallehr.flei.dev\/de\/fachveranstaltung-2025\/#Anmeldung\"><span style=\"font-size: 14pt;\">\u2013 <strong>Melden Sie sich hier f\u00fcr unsere Fachtagung an!<\/strong><\/span><\/a><\/h4>\n<p>[\/vc_custom_heading][vc_column_text uncode_shortcode_id=&#8220;805264&#8243;]<\/p>\n<p style=\"text-align: justify;\">Die Industrie in Deutschland steht am Wendepunkt \u2013 Transformation oder Business as Usual? Wettbewerbsf\u00e4hige Produktion am Standort Deutschland, Abwanderung oder Aufl\u00f6sung? Wer den Wandel gestalten und gute zukunftsf\u00e4hige Entscheidungen treffen will, muss jetzt die entscheidenden Diskussionen f\u00fchren \u2013 dies best\u00e4tigt sich f\u00fcr GALLEHR+PARTNER<sup>\u00ae <\/sup>im Tagesgesch\u00e4ft immer \u00f6fter.<\/p>\n<p style=\"text-align: justify;\">Europ\u00e4ische und nationale Regulatorik verlangen verst\u00e4rkt technologische Innovation, besonders von der energieintensiven Industrie. Ambitionierte Unternehmen nutzen daher bereits bestehende Regime f\u00fcr den Umbau Ihrer Wertsch\u00f6pfung zum eigenen Vorteil. Dennoch sind staatliche Akteure mehr denn je gefordert, attraktive Rahmenbedingungen f\u00fcr eine klimaneutrale, wettbewerbsf\u00e4hige, flexible Industrie zu errichten. Denn industrielle Zukunftsf\u00e4higkeit wird bestimmt durch wirksame Anreize, kosteneffiziente Defossilisierung und wettbewerbsf\u00e4hige Energiepreise.<\/p>\n<p style=\"text-align: justify;\">Mit unserer Veranstaltung wollen wir Ihnen in Zeiten von Unsicherheit Orientierung bieten, die Ihnen eine Basis f\u00fcr strategische Entscheidungen liefert. Vernetzen Sie sich mit Kollegen, tauschen Sie sich \u00fcber Branchenentwicklungen aus und erhalten Sie wertvolle Insider-Perspektiven.<\/p>\n<p>[\/vc_column_text][vc_empty_space empty_h=&#8220;2&#8243;][vc_button button_color=&#8220;color-184891&#8243; outline=&#8220;yes&#8220; border_width=&#8220;0&#8243; display=&#8220;inline&#8220; inline_mobile=&#8220;yes&#8220; lbox_dir=&#8220;vertical&#8220; link=&#8220;url:https%3A%2F%2Fwww.gallehr.de%2Fde%2Ffachveranstaltung-2025%2F%23Anmeldung|target:_blank&#8220; button_color_type=&#8220;uncode-palette&#8220; uncode_shortcode_id=&#8220;249103&#8243;]Anmeldung[\/vc_button][vc_button button_color=&#8220;color-184891&#8243; outline=&#8220;yes&#8220; border_width=&#8220;0&#8243; display=&#8220;inline&#8220; lbox_dir=&#8220;vertical&#8220; link=&#8220;url:https%3A%2F%2Fwww.gallehr.de%2Fde%2Ffachveranstaltung-2025%2F%23Agenda&#8220; button_color_type=&#8220;uncode-palette&#8220; uncode_shortcode_id=&#8220;485349&#8243;]Agenda[\/vc_button][vc_button button_color=&#8220;color-184891&#8243; outline=&#8220;yes&#8220; border_width=&#8220;0&#8243; display=&#8220;inline&#8220; lbox_dir=&#8220;vertical&#8220; link=&#8220;url:https%3A%2F%2Fwww.kronenschloesschen.de%2F|target:_blank&#8220; button_color_type=&#8220;uncode-palette&#8220; uncode_shortcode_id=&#8220;480093&#8243;]Veranstaltungsort[\/vc_button][\/vc_column][vc_column width=&#8220;1\/2&#8243;][vc_single_image media=&#8220;84299&#8243; media_width_percent=&#8220;55&#8243; alignment=&#8220;right&#8220; css_animation=&#8220;right-t-left&#8220; animation_delay=&#8220;200&#8243; uncode_shortcode_id=&#8220;744643&#8243;][\/vc_column][\/vc_row][vc_row unlock_row_content=&#8220;yes&#8220; row_height_percent=&#8220;0&#8243; override_padding=&#8220;yes&#8220; h_padding=&#8220;2&#8243; top_padding=&#8220;3&#8243; bottom_padding=&#8220;3&#8243; back_color=&#8220;color-xsdn&#8220; overlay_alpha=&#8220;50&#8243; gutter_size=&#8220;4&#8243; column_width_use_pixel=&#8220;yes&#8220; shift_y=&#8220;0&#8243; z_index=&#8220;0&#8243; content_parallax=&#8220;0&#8243; column_width_pixel=&#8220;1600&#8243; uncode_shortcode_id=&#8220;567057&#8243; back_color_type=&#8220;uncode-palette&#8220;][vc_column column_width_percent=&#8220;100&#8243; align_horizontal=&#8220;align_center&#8220; gutter_size=&#8220;3&#8243; overlay_alpha=&#8220;50&#8243; shift_x=&#8220;0&#8243; shift_y=&#8220;0&#8243; shift_y_down=&#8220;0&#8243; z_index=&#8220;0&#8243; medium_width=&#8220;0&#8243; mobile_width=&#8220;0&#8243; width=&#8220;1\/1&#8243;][vc_column_text uncode_shortcode_id=&#8220;137257&#8243;]<\/p>\n<h3><span style=\"color: #b11116;\">Vorstellung der Referenten unserer Fachtagung<\/span><\/h3>\n<p>[\/vc_column_text][uncode_index el_id=&#8220;index-1179619133&#8243; isotope_mode=&#8220;fitRows&#8220; loop=&#8220;size:9|order_by:date|order:DESC|post_type:post|categories:873|taxonomy_count:10&#8243; screen_lg=&#8220;1100&#8243; screen_md=&#8220;960&#8243; screen_sm=&#8220;480&#8243; gutter_size=&#8220;3&#8243; post_items=&#8220;media|featured|onpost|poster,icon|md,date,title,author|sm_size|hide_qualification,category|nobg|relative|display-icon&#8220; page_items=&#8220;title,media,text,category&#8220; product_items=&#8220;title,media,text,category,price&#8220; portfolio_items=&#8220;title,media,text,category&#8220; footer_back_color=&#8220;color-202836&#8243; images_size=&#8220;three-two&#8220; single_back_color=&#8220;color-xsdn&#8220; single_shape=&#8220;round&#8220; radius=&#8220;xs&#8220; single_overlay_opacity=&#8220;50&#8243; single_padding=&#8220;2&#8243; single_title_dimension=&#8220;h5&#8243; single_shadow=&#8220;yes&#8220; shadow_weight=&#8220;sm&#8220; single_css_animation=&#8220;zoom-in&#8220; single_half_padding=&#8220;&#8220; single_title_uppercase=&#8220;&#8220; single_title_bold=&#8220;yes&#8220; single_title_serif=&#8220;&#8220; single_title_divider=&#8220;&#8220; single_no_background=&#8220;&#8220; footer_position=&#8220;left&#8220; carousel_rtl=&#8220;&#8220; uncode_shortcode_id=&#8220;341764&#8243; footer_back_color_type=&#8220;uncode-palette&#8220;][\/vc_column][\/vc_row][vc_row unlock_row_content=&#8220;yes&#8220; row_height_percent=&#8220;0&#8243; override_padding=&#8220;yes&#8220; h_padding=&#8220;2&#8243; top_padding=&#8220;3&#8243; bottom_padding=&#8220;3&#8243; back_color=&#8220;color-202836&#8243; overlay_alpha=&#8220;50&#8243; gutter_size=&#8220;4&#8243; column_width_use_pixel=&#8220;yes&#8220; shift_y=&#8220;0&#8243; z_index=&#8220;0&#8243; content_parallax=&#8220;0&#8243; column_width_pixel=&#8220;1600&#8243; uncode_shortcode_id=&#8220;194589&#8243; back_color_type=&#8220;uncode-palette&#8220;][vc_column column_width_percent=&#8220;100&#8243; gutter_size=&#8220;3&#8243; overlay_alpha=&#8220;50&#8243; shift_x=&#8220;0&#8243; shift_y=&#8220;0&#8243; shift_y_down=&#8220;0&#8243; z_index=&#8220;0&#8243; medium_width=&#8220;0&#8243; mobile_width=&#8220;0&#8243; width=&#8220;1\/2&#8243; uncode_shortcode_id=&#8220;203435&#8243;][vc_column_text text_lead=&#8220;yes&#8220; css_animation=&#8220;top-t-bottom&#8220; uncode_shortcode_id=&#8220;553051&#8243;]<\/p>\n<h2><strong><a id=\"Agenda\"><\/a>Agenda Fachveranstaltung<\/strong><\/h2>\n<p><strong>Erster Veranstaltungstag 26.11.2025<\/strong>[\/vc_column_text][vc_column_text css_animation=&#8220;top-t-bottom&#8220; uncode_shortcode_id=&#8220;487418&#8243;]<\/p>\n<table style=\"width: 100%; height: 911px;\">\n<tbody>\n<tr style=\"height: 22px;\">\n<td style=\"height: 22px; width: 7.30805%;\"><span style=\"color: #b01419;\"><strong>10:30<\/strong><\/span><\/td>\n<td style=\"height: 22px; width: 92.0444%;\"><strong><span style=\"font-size: 14pt;\">Einlass<\/span><\/strong><\/td>\n<\/tr>\n<tr style=\"height: 174px;\">\n<td style=\"height: 174px; width: 7.30805%;\"><span style=\"color: #b01419;\"><strong>10:45-11:00<\/strong>\u00a0<\/span><\/td>\n<td style=\"height: 174px; width: 92.0444%;\">\n<h4><strong>Begr\u00fc\u00dfung und Setting the Scene<br \/>\n<span style=\"font-size: 12pt;\"><span style=\"color: #b11116;\"><strong>Sebastian Gallehr<\/strong><\/span>, GALLEHR+PARTNER<sup>\u00ae<\/sup><\/span><\/strong><\/h4>\n<\/td>\n<\/tr>\n<tr style=\"height: 139px;\">\n<td style=\"height: 139px; width: 7.30805%;\"><span style=\"color: #b01419;\"><strong>11:00-11:30<\/strong><\/span><\/td>\n<td style=\"height: 139px; width: 92.0444%;\">\n<h4><strong>Industrielle W\u00e4rmewende \u2013 Elektrifizierung von Prozessw\u00e4rme mittels Power-to-Heat<br \/>\n<span style=\"font-size: 12pt;\"><span style=\"color: #b11116;\">Dr.-Ing. Christof Dahmen<\/span>, Vice President Power-to-Heat <\/span><\/strong><strong>\u2013 <\/strong><strong><span style=\"font-size: 12pt;\">Otto Junker Solutions GmbH<\/span><\/strong><\/h4>\n<p style=\"text-align: justify;\"><span style=\"color: #787878;\">W\u00e4hrend Power-to-Heat-Anlagen in Skandinavien l\u00e4ngst etabliert sind, herrscht in Mitteleuropa vielerorts noch Zur\u00fcckhaltung. Dabei k\u00f6nnen sie, insbesondere in Kombination mit Hochtemperatur-W\u00e4rmespeichern, einen wichtigen Beitrag leisten, fossile Energietr\u00e4ger zu ersetzen und Kosten zu senken. Mehr dazu <a href=\"https:\/\/gallehr.flei.dev\/de\/gallehrpartner-fachtagung-2025-referent-christof-dahmen\/\" target=\"_blank\" rel=\"noopener\">hier.<\/a><\/span><\/p>\n<\/td>\n<\/tr>\n<tr style=\"height: 139px;\">\n<td style=\"height: 139px; width: 7.30805%;\"><span style=\"color: #b01419;\"><strong>11:30-12:00<\/strong><\/span><\/td>\n<td style=\"height: 139px; width: 92.0444%;\">\n<h4><strong>Potenziale der Elektrifizierung von Thermoprozesstechnik<br \/>\n<span style=\"font-size: 12pt;\"><span style=\"color: #b11116;\">Dr.-Ing. Timo W\u00fcrz<\/span>, Gesch\u00e4ftsf\u00fchrer Metallurgy <\/span><\/strong><strong>\u2013 <\/strong><strong><span style=\"font-size: 12pt;\">VDMA e. V.<\/span><\/strong><\/h4>\n<p style=\"text-align: justify;\">F\u00fcr den metallurgischen Anlagenbau ist die Dekarbonisierung von Produktionsprozessen eine enorme Herausforderung. Doch der VDMA sieht sie auch als Chance: Gemeinsam mit anderen Megatrends wie etwa Digitalisierung und Nachhaltigkeit treibt die Defossilisierung die Entwicklung neuer Enabler-Technologien voran \u2013 sofern die Rahmenbedingungen stimmen. Mehr dazu <a href=\"https:\/\/gallehr.flei.dev\/de\/gallehrpartner-fachtagung-2025-referent-dr-timo-wuerz\/\" target=\"_blank\" rel=\"noopener\">hier<\/a>.<\/p>\n<\/td>\n<\/tr>\n<tr style=\"height: 22px;\">\n<td style=\"width: 7.30805%; height: 22px;\"><span style=\"color: #b01419;\"><strong>12:00-12.30<\/strong><\/span><\/td>\n<td style=\"width: 92.0444%; height: 22px;\"><span style=\"font-size: 14pt;\"><strong>Frage- und Diskussionsrunde<\/strong><\/span><\/td>\n<\/tr>\n<tr style=\"height: 22px;\">\n<td style=\"height: 22px; width: 7.30805%;\"><span style=\"color: #b01419;\"><strong>12:30-13:45<\/strong><\/span><\/td>\n<td style=\"height: 22px; width: 92.0444%;\"><strong><span style=\"font-size: 14pt;\">Mittagspause<\/span><\/strong><\/td>\n<\/tr>\n<tr style=\"height: 139px;\">\n<td style=\"height: 139px; width: 7.30805%;\"><span style=\"color: #b01419;\"><strong>13:45-14:05<\/strong><\/span><\/td>\n<td style=\"height: 139px; width: 92.0444%;\">\n<h4><strong>Flexibilisierung als Wettbewerbsfaktor: Potenzielle Zielkonflikte zwischen Energie- und Industriesektor<br \/>\n<span style=\"font-size: 12pt;\"><span style=\"color: #b11116;\">Andreas Fischer<\/span>, Senior Economist f\u00fcr Energie- und Klimapolitik \u2013 Institut der deutschen Wirtschaft K\u00f6ln e.V.<\/span><\/strong><\/h4>\n<p style=\"text-align: justify;\"><span style=\"color: #787878;\">Wer heute beginnt, Produktionsplanung, Energiemanagement und Beschaffung eng zu verzahnen, kann Preisspitzen aktiv managen und Wettbewerbsvorteile erschlie\u00dfen. Allerdings belohnen die aktuellen Rahmenbedingungen einen konstant hohen Stromverbrauch und der Flexibilit\u00e4t sind bei einigen industriellen Prozessen \u00f6konomische und technische Grenzen gesetzt. Mehr dazu <a href=\"https:\/\/gallehr.flei.dev\/de\/gallehrpartner-fachtagung-2025-referent-andreas-fischer\/\" target=\"_blank\" rel=\"noopener\">hier<\/a>.<\/span><\/p>\n<\/td>\n<\/tr>\n<tr style=\"height: 116px;\">\n<td style=\"height: 116px; width: 7.30805%;\"><span style=\"color: #b01419;\"><strong>14:05-14:25<\/strong><\/span><\/td>\n<td style=\"height: 116px; width: 92.0444%;\">\n<h4><strong>Rechtliche Entwicklung beim Strompreis \u2013 Treiber f\u00fcr Flexibilisierung?<br \/>\n<span style=\"font-size: 12pt;\"><span style=\"color: #b11116;\">Dr. Franziska Lietz<\/span>, Rechtsanw\u00e4ltin \u2013 Ritter Gent Collegen<\/span><\/strong><\/h4>\n<p style=\"text-align: justify;\">Die Bundesnetzagentur regelt die Netzentgelte neu, der angek\u00fcndigte Industriestrompreis ver\u00e4ndert den Rahmen f\u00fcr industriellen Strombezug. Zugleich wirken EU-Vorgaben auf das nationale Regime ein. Wie entwickeln sich Netzentgelte unter dem sich ver\u00e4ndernden Regulierungsrahmen?\u00a0 Welche Wechselwirkungen bestehen zum Industriestrompreis? Wo begrenzen oder erweitern europ\u00e4ische Marktregeln nationale Spielr\u00e4ume? Mehr dazu <a href=\"https:\/\/gallehr.flei.dev\/de\/gallehrpartner-fachtagung-2025-referentin-franziska-lietz\/\" target=\"_blank\" rel=\"noopener\">hier<\/a>.<\/p>\n<\/td>\n<\/tr>\n<tr style=\"height: 116px;\">\n<td style=\"height: 116px; width: 7.30805%;\"><span style=\"color: #b01419;\"><strong>14:25-14:45<\/strong><\/span><\/td>\n<td style=\"height: 116px; width: 92.0444%;\">\n<h4><strong>Strommarkt und Flexibilisierung aus Sicht der energieintensiven Industrie &#8211; das Ziel hei\u00dft Wettbewerbsf\u00e4higkeit!<br \/>\n<\/strong><strong><span style=\"font-size: 12pt;\"><span style=\"color: #b11116;\">Hannes Wendling<\/span>, Fachbereichsleiter Energiewirtschaft und Regulierung \u2013 VIK Verband der Industriellen Energie- und Kraftwirtschaft<\/span><\/strong><\/h4>\n<p style=\"text-align: justify;\">Ausgehend von einem Blick auf die Entwicklungen am Strommarkt (internationaler Preisvergleich, Preisspitzen) legt der Vortrag dar, warum und wie die energieintensive Industrie ein veritables Eigeninteresse an der Flexibilisierung hat. Diese Flexibilisierung braucht jedoch ausreichend Zeit. Kurzfristig sind die Potenziale je nach Branche und Unternehmen sehr heterogen, in aller Regel jedoch begrenzt. In einem dritten Schritt sollen die notwendigen energiepolitischen Ma\u00dfnahmen zur Sicherung des Industriestandorts Deutschland beleuchtet werden. Mehr dazu <a href=\"https:\/\/gallehr.flei.dev\/de\/gallehrpartner-fachtagung-2025-referent-hannes-wendling\/\" target=\"_blank\" rel=\"noopener\">hier<\/a>.<\/p>\n<\/td>\n<\/tr>\n<tr style=\"height: 22px;\">\n<td style=\"width: 7.30805%; height: 22px;\"><span style=\"color: #b01419;\"><strong>14:45-15:30<\/strong><\/span><\/td>\n<td style=\"width: 92.0444%; height: 22px;\"><span style=\"font-size: 14pt;\"><strong>Frage- und Diskussionsrunde<\/strong><\/span><\/td>\n<\/tr>\n<tr style=\"height: 22px;\">\n<td style=\"height: 22px; width: 7.30805%;\"><span style=\"color: #b01419;\"><strong>15:30-16:00<\/strong><\/span><\/td>\n<td style=\"height: 22px; width: 92.0444%;\"><strong><span style=\"font-size: 14pt;\">Kaffeepause<\/span><\/strong><\/td>\n<\/tr>\n<tr style=\"height: 139px;\">\n<td style=\"height: 139px; width: 7.30805%;\"><span style=\"color: #b01419;\"><strong>16:00-16:30<\/strong><\/span><\/td>\n<td style=\"height: 139px; width: 92.0444%;\">\n<h4><strong>Biokohlenstoff als Wegbereiter klimaneutraler Stahlproduktion<br \/>\n<\/strong><span style=\"font-size: 12pt;\"><strong><span style=\"color: #b11116;\">Markus Oster<\/span><\/strong><strong>, Global Operation Director \u2013 Outokumpu EvoCarbon GmbH<\/strong><\/span><\/h4>\n<p style=\"text-align: justify;\"><span style=\"color: #787878;\">Mit der Gr\u00fcndung von Outokumpu EvoCarbon GmbH baut das Unternehmen eine eigene Biokoks-Wertsch\u00f6pfungskette auf. Outokumpu will damit eine aktive Rolle bei der Entwicklung des Biokohlenstoff- und Biokoks-Marktes \u00fcbernehmen. Mehr dazu <a href=\"https:\/\/gallehr.flei.dev\/de\/gallehrpartner-fachtagung-2025-referent-markus-oster\/\" target=\"_blank\" rel=\"noopener\">hier<\/a>.<\/span><\/p>\n<\/td>\n<\/tr>\n<tr style=\"height: 22px;\">\n<td style=\"width: 7.30805%; height: 22px;\"><span style=\"color: #b01419;\"><strong>16:30-18:00<\/strong><\/span><\/td>\n<td style=\"width: 92.0444%; height: 22px;\"><span style=\"font-size: 14pt;\"><strong>Pause<\/strong><\/span><\/td>\n<\/tr>\n<tr style=\"height: 22px;\">\n<td style=\"width: 7.30805%; height: 22px;\"><span style=\"color: #b01419;\"><strong>18:00-19:00<\/strong><\/span><\/td>\n<td style=\"width: 92.0444%; height: 22px;\"><span style=\"font-size: 14pt;\"><strong>Abendessen<\/strong><\/span><\/td>\n<\/tr>\n<tr style=\"height: 116px;\">\n<td style=\"height: 116px; width: 7.30805%;\"><span style=\"color: #b01419;\"><strong>19:00-19:30<\/strong><\/span><\/td>\n<td style=\"height: 116px; width: 92.0444%;\">\n<h4><strong>Dinner Speech:<br \/>\nLimonade aus Zitronen \u2013 Warum Regulierung Transformation erm\u00f6glicht<br \/>\n<span style=\"font-size: 12pt;\"><span style=\"color: #b11116;\">Yvonne Hanke<\/span>, Rechtsanw\u00e4ltin \u2013 RITTER GENT COLLEGEN<\/span><\/strong><\/h4>\n<p>Mehr dazu <a href=\"https:\/\/gallehr.flei.dev\/de\/gallehrpartner-fachtagung-2025-referentin-yvonne-hanke\/\" target=\"_blank\" rel=\"noopener\">hier<\/a>.<\/td>\n<\/tr>\n<tr style=\"height: 22px;\">\n<td style=\"width: 7.30805%; height: 22px;\"><span style=\"color: #b01419;\"><strong>Ab 20:00<\/strong><\/span><\/td>\n<td style=\"width: 92.0444%; height: 22px;\"><span style=\"font-size: 14pt;\"><strong>Netzwerken<a id=\"Anmeldung\"><\/a><\/strong><\/span><\/td>\n<\/tr>\n<\/tbody>\n<\/table>\n<p>[\/vc_column_text][\/vc_column][vc_column column_width_percent=&#8220;100&#8243; position_horizontal=&#8220;right&#8220; gutter_size=&#8220;3&#8243; overlay_alpha=&#8220;50&#8243; shift_x=&#8220;0&#8243; shift_y=&#8220;0&#8243; shift_y_down=&#8220;0&#8243; z_index=&#8220;0&#8243; medium_width=&#8220;0&#8243; mobile_width=&#8220;0&#8243; css_animation=&#8220;left-t-right&#8220; animation_delay=&#8220;200&#8243; width=&#8220;1\/2&#8243; uncode_shortcode_id=&#8220;604212&#8243;][vc_column_text text_lead=&#8220;yes&#8220; css_animation=&#8220;top-t-bottom&#8220; uncode_shortcode_id=&#8220;141493&#8243;]<\/p>\n<h2><span style=\"color: #f4f4f4;\"><strong>Agenda Fachveranstaltung<\/strong><\/span><\/h2>\n<p><strong>Zweiter Veranstaltungstag 27.11.2025<\/strong>[\/vc_column_text][vc_column_text css_animation=&#8220;top-t-bottom&#8220; uncode_shortcode_id=&#8220;202753&#8243;]<\/p>\n<table style=\"width: 100%; height: 911px;\">\n<tbody>\n<tr style=\"height: 22px;\">\n<td style=\"height: 22px; width: 7.33104%;\"><span style=\"color: #b01419;\"><strong>09:15<\/strong><\/span><\/td>\n<td style=\"height: 22px; width: 92.1535%;\"><span style=\"font-size: 14pt;\"><strong>Einlass<\/strong><\/span><\/td>\n<\/tr>\n<tr style=\"height: 174px;\">\n<td style=\"height: 174px; width: 7.33104%;\"><span style=\"color: #b01419;\"><strong>09:30-09:45<\/strong>&nbsp;<\/span><\/td>\n<td style=\"height: 174px; width: 92.1535%;\">\n<h4><strong>Begr\u00fc\u00dfung, Sammeln, Res\u00fcmee<br \/>\n<\/strong><span style=\"font-size: 12pt;\"><span style=\"color: #b11116;\"><strong>Sebastian Gallehr<\/strong><\/span>, GALLEHR+PARTNER<sup>\u00ae<\/sup><\/span><\/h4>\n<\/td>\n<\/tr>\n<tr style=\"height: 116px;\">\n<td style=\"height: 116px; width: 7.33104%;\"><span style=\"color: #b01419;\"><strong>09:45-10:15<\/strong><\/span><\/td>\n<td style=\"height: 116px; width: 92.1535%;\">\n<h4><strong>Quo Vadis \u2013 EU ETS I und II, CBAM, SPK ? What\u2019s next?<br \/>\n<span style=\"color: #a40001; font-size: 12pt;\">Sven Worm<\/span><\/strong><span style=\"font-size: 12pt;\">, GALLEHR+PARTNER<sup>\u00ae<span style=\"color: #ffffff;\">A<\/span><\/sup><\/span><\/h4>\n<p style=\"text-align: justify;\"><span style=\"color: #787878;\">Der Vortrag beleuchtet die Weiterentwicklung des europ\u00e4ischen Emissionshandelssystems (EU-ETS I &amp; II), die Strompreiskompensation (SPK) sowie den Carbon Border Adjustment Mechanism (CBAM). Welche regulatorischen Weichenstellungen sind in den n\u00e4chsten Jahren zu erwarten \u2013 und wie k\u00f6nnen sich Compliance-Strukturen darauf einstellen? Mehr dazu <a href=\"https:\/\/gallehr.flei.dev\/de\/gallehrpartner-fachtagung-2025-referent-sven-worm\/\" target=\"_blank\" rel=\"noopener\">hier<\/a>.<\/span><\/p>\n<\/td>\n<\/tr>\n<tr style=\"height: 139px;\">\n<td style=\"height: 139px; width: 7.33104%;\"><span style=\"color: #b01419;\"><strong>10:15-10:45<\/strong><\/span><\/td>\n<td style=\"height: 139px; width: 92.1535%;\">\n<h4><strong>Neuigkeiten aus der Welt der Zertifizierungen und Verifizierungen<br \/>\n<span style=\"color: #a40001; font-size: 12pt;\">David Kroll<\/span><\/strong><span style=\"font-size: 12pt;\">, Fachleitung Emissionshandel&nbsp; &#8211; GUTcert<\/span><\/h4>\n<p>Im Handel von Treibhausgasemissionen und bei der Ermittlung des Carbon Food Prints gibt es hinsichtlich der Verifizierung der Emissionen neue Entwicklungen und Vorschriften. \u00c4hnliches gilt f\u00fcr den Zertifizierungsprozess bei ISO-Normen, die f\u00fcr die energieintensive Industrie besonders relevant sind. Der Vortrag wird dazu einen \u00dcberblick geben. Mehr dazu hier.<\/td>\n<\/tr>\n<tr style=\"height: 22px;\">\n<td style=\"width: 7.33104%; height: 22px;\"><span style=\"color: #b01419;\"><strong>10:45-11:00<\/strong><\/span><\/td>\n<td style=\"width: 92.1535%; height: 22px;\"><span style=\"font-size: 14pt;\"><strong>Frage- und Diskussionsrunde<\/strong><\/span><\/td>\n<\/tr>\n<tr style=\"height: 139px;\">\n<td style=\"height: 139px; width: 7.33104%;\"><span style=\"color: #b01419;\"><strong>11:00-11:30<\/strong><\/span><\/td>\n<td style=\"height: 139px; width: 92.1535%;\">\n<h4><strong>Nachhaltigkeits- und Compliance Produkte &nbsp;im nationalen Emissionshandel und EU-ETS 2<br \/>\n<span style=\"color: #a40001; font-size: 12pt;\">Luc Helmsing<\/span><\/strong><span style=\"font-size: 12pt;\">, Team Lead DACH &#8211; ACT Financial Solutions<\/span><\/h4>\n<p>Der Vortrag wirft einen Blick auf die Frage, welche wirtschaftlichen Folgen es f\u00fcr Unternehmen hat, dass die Einf\u00fchrung des EU-ETS2 sich verz\u00f6gert und der nationale Emissionshandel (nEHS) nach BEHG weiterentwickelt wird. Er beleuchtet zudem m\u00f6gliche Strategien zum Zertifikatekauf im nEHS f\u00fcr die Handelsphase 2026 &#8211; 2027 angesichts des verk\u00fcndeten Preiskorridors. Mehr dazu hier.<\/td>\n<\/tr>\n<tr style=\"height: 22px;\">\n<td style=\"height: 22px; width: 7.33104%;\"><span style=\"color: #b01419;\"><strong>11:30-11:45<\/strong><\/span><\/td>\n<td style=\"height: 22px; width: 92.1535%;\"><strong><span style=\"font-size: 14pt;\">Kaffeepause<\/span><\/strong><\/td>\n<\/tr>\n<tr style=\"height: 116px;\">\n<td style=\"height: 116px; width: 7.33104%;\"><span style=\"color: #b01419;\"><strong>11:45-12:15<\/strong><\/span><\/td>\n<td style=\"height: 116px; width: 92.1535%;\">\n<h4><strong>Etablierte, ambitionierte und neuartige F\u00f6rdermittel in Richtung Klimaneutralit\u00e4t<br \/>\n<span style=\"color: #a40001; font-size: 12pt;\">Quentin Scharf<\/span><\/strong><span style=\"font-size: 12pt;\">, GALLEHR+PARTNER<sup>\u00ae<\/sup><span style=\"color: #ffffff;\">A<\/span><\/span><\/h4>\n<p>Der Vortrag gibt einen \u00dcberblick \u00fcber aktuelle F\u00f6rderprogramme, die die energieintensive Industrie f\u00fcr Transformationsprojekte nutzen kann, u.a. die F\u00f6rderprogramme f\u00fcr Energieeffizienz des BMWE, die Bundesf\u00f6rderung Industrie und Klimaschutz sowie die Heat Auction im Rahmen des EU-Innovationsfonds. Mehr dazu <a href=\"https:\/\/gallehr.flei.dev\/de\/gallehrpartner-fachtagung-2025-referent-quentin-scharf\/\" target=\"_blank\" rel=\"noopener\">hier<\/a>.<\/td>\n<\/tr>\n<tr style=\"height: 116px;\">\n<td style=\"height: 116px; width: 7.33104%;\"><span style=\"color: #b01419;\"><strong>12:15-12:45<\/strong><\/span><\/td>\n<td style=\"height: 116px; width: 92.1535%;\">\n<h4><strong>Industrief\u00f6rderungen im Wandel \u2013 CO<sub>2<\/sub>-Differenzvertr\u00e4ge und BIK f\u00fcr die industrielle Transformation<br \/>\n<span style=\"color: #a40001; font-size: 12pt;\">Dr. Rena Gradmann<\/span><\/strong><span style=\"font-size: 12pt;\">, Projekttr\u00e4ger J\u00fclich (PtJ)<span style=\"color: #ffffff;\">A<\/span><\/span><\/h4>\n<p style=\"text-align: justify;\"><span style=\"color: #787878;\">Mit dem Start der neuen F\u00f6rderrunde der CO\u2082-Differenzvertr\u00e4ge f\u00fchrt das BMWE ein flexibles und dynamisches F\u00f6rderinstrument f\u00fcr die industrielle Transformation fort. Dr. Rena Gradmann, Industrieberaterin beim Projekttr\u00e4ger J\u00fclich (PtJ), begleitet die Ausarbeitung und Betreuung des F\u00f6rderprogramms Klimaschutzvertr\u00e4ge seit 2023 und ist zudem Co-Projektleiterin des CCU\/S-Moduls der Bundesf\u00f6rderung Industrie und Klimaschutz (BIK). Als betreuender Partner des BMWE ist der PtJ eng in die Umsetzung der CO\u2082-Differenzvertr\u00e4ge sowie des BIK \u2013 Modul 2 eingebunden. Mehr dazu <a href=\"https:\/\/gallehr.flei.dev\/de\/gallehrpartner-fachtagung-2025-referentin-dr-rena-gradmann\/\" target=\"_blank\" rel=\"noopener\">hier<\/a>.<\/span><\/p>\n<\/td>\n<\/tr>\n<tr style=\"height: 116px;\">\n<td style=\"height: 116px; width: 7.33104%;\"><span style=\"color: #b01419;\"><strong>12:45-13:30<\/strong><\/span><\/td>\n<td style=\"height: 116px; width: 92.1535%;\">\n<h4><strong>Diskussionen zu CO\u2082-Differenzvertr\u00e4gen und weiteren F\u00f6rdermitteln<br \/>\n<span style=\"color: #a40001; font-size: 12pt;\">Plenum Fachveranstaltung 2025<\/span><\/strong><span style=\"font-size: 12pt;\"><span style=\"color: #ffffff;\">A<\/span><\/span><\/h4>\n<\/td>\n<\/tr>\n<tr style=\"height: 46px;\">\n<td style=\"height: 46px; width: 7.33104%;\"><span style=\"color: #b01419;\"><strong>13:30<\/strong><\/span><\/td>\n<td style=\"height: 46px; width: 92.1535%;\">\n<h4>Kommentar und Res\u00fcmee der Veranstaltung<br \/>\n<span style=\"font-size: 12pt;\"><span style=\"color: #b01419;\"><strong>Sebastian Gallehr<\/strong><\/span>, GALLEHR+PARTNER<sup>\u00ae<\/sup><\/span><\/h4>\n<\/td>\n<\/tr>\n<tr style=\"height: 22px;\">\n<td style=\"height: 22px; width: 7.33104%;\"><span style=\"color: #b01419;\"><strong>13:45-15:00<\/strong><\/span><\/td>\n<td style=\"height: 22px; width: 92.1535%;\"><strong><span style=\"font-size: 14pt;\">Mittagessen und Abschluss der Veranstaltung<\/span><\/strong><\/td>\n<\/tr>\n<\/tbody>\n<\/table>\n<p>&nbsp;[\/vc_column_text][\/vc_column][\/vc_row][vc_row unlock_row_content=&#8220;yes&#8220; row_height_percent=&#8220;0&#8243; override_padding=&#8220;yes&#8220; h_padding=&#8220;2&#8243; top_padding=&#8220;3&#8243; bottom_padding=&#8220;3&#8243; back_color=&#8220;color-xsdn&#8220; overlay_alpha=&#8220;50&#8243; gutter_size=&#8220;4&#8243; column_width_use_pixel=&#8220;yes&#8220; shift_y=&#8220;0&#8243; z_index=&#8220;0&#8243; inverted_device_order=&#8220;yes&#8220; content_parallax=&#8220;0&#8243; column_width_pixel=&#8220;1600&#8243; uncode_shortcode_id=&#8220;194490&#8243; back_color_type=&#8220;uncode-palette&#8220;][vc_column column_width_percent=&#8220;100&#8243; gutter_size=&#8220;3&#8243; overlay_alpha=&#8220;50&#8243; shift_x=&#8220;0&#8243; shift_y=&#8220;0&#8243; shift_y_down=&#8220;0&#8243; z_index=&#8220;0&#8243; medium_width=&#8220;0&#8243; mobile_width=&#8220;0&#8243; width=&#8220;3\/3&#8243; uncode_shortcode_id=&#8220;116076&#8243;][vc_column_text uncode_shortcode_id=&#8220;501427&#8243;]<\/p>\n<h2><strong>Hier bei der <\/strong><strong>Fachtagung am 26.\/27.11.2025 im Kronenschl\u00f6sschen &#8211; Eltville anmelden:<\/strong><\/h2>\n<hr \/>\n<div class=\"wpcf7 no-js\" id=\"wpcf7-f88170-o1\" lang=\"en-US\" dir=\"ltr\" data-wpcf7-id=\"88170\">\n<div class=\"screen-reader-response\"><p role=\"status\" aria-live=\"polite\" aria-atomic=\"true\"><\/p> <ul><\/ul><\/div>\n<form action=\"\/de\/wp-json\/wp\/v2\/pages\/88166#wpcf7-f88170-o1\" method=\"post\" class=\"wpcf7-form init\" aria-label=\"Contact form\" novalidate=\"novalidate\" data-status=\"init\">\n<fieldset class=\"hidden-fields-container\"><input type=\"hidden\" name=\"_wpcf7\" value=\"88170\" \/><input type=\"hidden\" name=\"_wpcf7_version\" value=\"6.1.5\" \/><input type=\"hidden\" name=\"_wpcf7_locale\" value=\"en_US\" \/><input type=\"hidden\" name=\"_wpcf7_unit_tag\" value=\"wpcf7-f88170-o1\" \/><input type=\"hidden\" name=\"_wpcf7_container_post\" value=\"0\" \/><input type=\"hidden\" name=\"_wpcf7_posted_data_hash\" value=\"\" \/><input type=\"hidden\" name=\"nlang\" value=\"de\" \/>\n<\/fieldset>\n<div class=\"wpcf7-inline-wrapper\">\n\t<p class=\"wpcf7-inline-field\"><span class=\"wpcf7-form-control-wrap\" data-name=\"anrede\"><select class=\"wpcf7-form-control wpcf7-select wpcf7-validates-as-required\" aria-required=\"true\" aria-invalid=\"false\" name=\"anrede\"><option value=\"Keine Angabe\">Keine Angabe<\/option><option value=\"Herr\">Herr<\/option><option value=\"Frau\">Frau<\/option><\/select><\/span>\n\t<\/p>\n\t<p class=\"wpcf7-inline-field\"><span class=\"wpcf7-form-control-wrap\" data-name=\"vorname\"><input size=\"40\" maxlength=\"400\" class=\"wpcf7-form-control wpcf7-text wpcf7-validates-as-required\" aria-required=\"true\" aria-invalid=\"false\" placeholder=\"Vorname\" value=\"\" type=\"text\" name=\"vorname\" \/><\/span>\n\t<\/p>\n\t<p class=\"wpcf7-inline-field\"><span class=\"wpcf7-form-control-wrap\" data-name=\"nachname\"><input size=\"40\" maxlength=\"400\" class=\"wpcf7-form-control wpcf7-text wpcf7-validates-as-required\" aria-required=\"true\" aria-invalid=\"false\" placeholder=\"Nachname\" value=\"\" type=\"text\" name=\"nachname\" \/><\/span>\n\t<\/p>\n<\/div>\n<p><span class=\"wpcf7-form-control-wrap\" data-name=\"firma\"><input size=\"40\" maxlength=\"400\" class=\"wpcf7-form-control wpcf7-text\" aria-invalid=\"false\" placeholder=\"Firmenname\" value=\"\" type=\"text\" name=\"firma\" \/><\/span>\n<\/p>\n<p><span class=\"wpcf7-form-control-wrap\" data-name=\"Rechnungsadresse\"><input size=\"40\" maxlength=\"400\" class=\"wpcf7-form-control wpcf7-text\" aria-invalid=\"false\" placeholder=\"Rechnungsadresse\" value=\"\" type=\"text\" name=\"Rechnungsadresse\" \/><\/span>\n<\/p>\n<p><span class=\"wpcf7-form-control-wrap\" data-name=\"email\"><input size=\"40\" maxlength=\"400\" class=\"wpcf7-form-control wpcf7-email wpcf7-validates-as-required wpcf7-text wpcf7-validates-as-email form-fluid\" aria-required=\"true\" aria-invalid=\"false\" placeholder=\"E-Mail\" value=\"\" type=\"email\" name=\"email\" \/><\/span>\n<\/p>\n<p><span class=\"wpcf7-form-control-wrap\" data-name=\"Rechnungsmail\"><input size=\"40\" maxlength=\"400\" class=\"wpcf7-form-control wpcf7-text\" aria-invalid=\"false\" placeholder=\"Bitte ausf\u00fcllen, falls die Rechnung an eine abweichende E-Mail gesendet werden soll\" value=\"\" type=\"text\" name=\"Rechnungsmail\" \/><\/span>\n<\/p>\n<p><b>Bitte Ihre gew\u00fcnschte Form der Teilnahme ausw\u00e4hlen:<\/b><br \/>\n<span class=\"wpcf7-form-control-wrap\" data-name=\"Art-der-Teilnahme\"><select class=\"wpcf7-form-control wpcf7-select wpcf7-validates-as-required\" aria-required=\"true\" aria-invalid=\"false\" name=\"Art-der-Teilnahme\"><option value=\"Pr\u00e4senzteilnahme ( Fr\u00fchbucherpreis 285,00 \u20ac netto)\">Pr\u00e4senzteilnahme ( Fr\u00fchbucherpreis 285,00 \u20ac netto)<\/option><option value=\"Virtuelle Teilnahme ( Fr\u00fchbucherpreis 200,00 \u20ac netto)\">Virtuelle Teilnahme ( Fr\u00fchbucherpreis 200,00 \u20ac netto)<\/option><\/select><\/span>\n<\/p>\n<p>Teilnehmende in Pr\u00e4senz sind kostenfrei eingeladen an unserer gemeinsamen Abendveranstaltung inkl. Dinner Panel teilzunehmen.<br \/>\n<b>Zur Best\u00e4tigung bitten wir Sie im folgenden Dropdown-Men\u00fc Ihre gew\u00fcnschte Option auszuw\u00e4hlen:<\/b>\n<\/p>\n<p class=\"wpcf7-inline-field\"><span class=\"wpcf7-form-control-wrap\" data-name=\"Abendveranstaltung\"><select class=\"wpcf7-form-control wpcf7-select wpcf7-validates-as-required\" aria-required=\"true\" aria-invalid=\"false\" name=\"Abendveranstaltung\"><option value=\"Ja, ich m\u00f6chte an der Abendveranstaltung teilnehmen\">Ja, ich m\u00f6chte an der Abendveranstaltung teilnehmen<\/option><option value=\"Nein, ich nehme nicht an der Abendveranstaltung teil\">Nein, ich nehme nicht an der Abendveranstaltung teil<\/option><\/select><\/span>\n<\/p>\n<p><span class=\"wpcf7-form-control-wrap\" data-name=\"datenschutz\"><span class=\"wpcf7-form-control wpcf7-acceptance\"><span class=\"wpcf7-list-item\"><label><input type=\"checkbox\" name=\"datenschutz\" value=\"1\" aria-invalid=\"false\" \/><span class=\"wpcf7-list-item-label\">Ich bin einverstanden, dass GALLEHR+PARTNER<sup>\u00ae<\/sup> meine Daten f\u00fcr eine Kontaktaufnahme elektronisch speichert. Die Daten werden nicht an Dritte weitergegeben. Diese Einwilligung kann jederzeit widerrufen werden. Weitere Infos finden Sie in der <a target=\"_blank\" href=\"https:\/\/gallehr.flei.dev\/haftungshinweis-datenschutzerklaerung\/\">Datenschutzerkl\u00e4rung<\/a>.<\/span><\/label><\/span><\/span><\/span>\n<\/p>\n<p><b>Hinweis:<\/b> Mit Absenden der Anmeldung erkl\u00e4re ich mich damit einverstanden, dass GALLEHR+PARTNER<sup>\u00ae<\/sup> eine Rechnung in H\u00f6he meiner oben ausgew\u00e4hlten Teilnahmeform stellt.\n<\/p>\n<p>Eine Rechnung pro Teilnehmer mit ausgewiesener Mehrwertsteuer f\u00fcr die Seminarteilnahme exklusive \u00dcbernachtung erhalten Sie nach Eingang Ihrer verbindlichen Anmeldung. Wir bitten um eine Anmeldung f\u00fcr das Seminar m\u00f6glichst bis zum 31. Oktober 2025. Pro Teilnehmer ist ein Anmeldeformular erforderlich. Sie erhalten auf Ihre Anmeldungen eine Auftragsbest\u00e4tigung.\n<\/p>\n<p><span id=\"wpcf7-69f3070b188a8-wrapper\" class=\"wpcf7-form-control-wrap honeypot-268-wrap\" style=\"display:none !important; visibility:hidden !important;\"><input type=\"hidden\" name=\"honeypot-268-time-start\" value=\"1777534731\"><input type=\"hidden\" name=\"honeypot-268-time-check\" value=\"4\"><label for=\"wpcf7-69f3070b188a8-field\" class=\"hp-message\">Please leave this field empty.<\/label><input id=\"wpcf7-69f3070b188a8-field\"  class=\"wpcf7-form-control wpcf7-text\" type=\"text\" name=\"honeypot-268\" value=\"\" size=\"40\" tabindex=\"-1\" autocomplete=\"new-password\" \/><\/span>\n<\/p>\n<p><input class=\"wpcf7-form-control wpcf7-submit has-spinner btn\" type=\"submit\" value=\"Absenden\" \/>\n<\/p><div class=\"wpcf7-response-output\" aria-hidden=\"true\"><\/div>\n<\/form>\n<\/div>\n[\/vc_column_text][\/vc_column][\/vc_row][vc_row unlock_row_content=&#8220;yes&#8220; row_height_percent=&#8220;0&#8243; override_padding=&#8220;yes&#8220; h_padding=&#8220;2&#8243; top_padding=&#8220;3&#8243; bottom_padding=&#8220;3&#8243; back_color=&#8220;color-202836&#8243; overlay_alpha=&#8220;50&#8243; gutter_size=&#8220;4&#8243; column_width_use_pixel=&#8220;yes&#8220; shift_y=&#8220;0&#8243; z_index=&#8220;0&#8243; inverted_device_order=&#8220;yes&#8220; content_parallax=&#8220;0&#8243; column_width_pixel=&#8220;1600&#8243; uncode_shortcode_id=&#8220;861406&#8243; back_color_type=&#8220;uncode-palette&#8220;][vc_column width=&#8220;1\/3&#8243;][vc_single_image media=&#8220;84309&#8243; media_width_percent=&#8220;54&#8243; css_animation=&#8220;left-t-right&#8220; animation_delay=&#8220;200&#8243; uncode_shortcode_id=&#8220;257284&#8243;][\/vc_column][vc_column width=&#8220;1\/3&#8243;][vc_column_text uncode_shortcode_id=&#8220;273004&#8243;]<\/p>\n<h1><span style=\"font-size: 24pt;\"><strong><span style=\"color: #b01419;\">Veranstaltungszeit<\/span><\/strong><\/span><\/h1>\n<p style=\"text-align: justify;\"><span style=\"font-size: 14pt;\">Mittwoch, 26.11.25 \/ 10:30 Uhr bis<\/span><br \/>\n<span style=\"font-size: 14pt;\">Donnerstag, 27.11.25 \/ 15:00 Uhr<\/span>[\/vc_column_text][\/vc_column][vc_column width=&#8220;1\/3&#8243;][vc_column_text uncode_shortcode_id=&#8220;291650&#8243;]<\/p>\n<h1 style=\"text-align: justify;\"><span style=\"font-size: 24pt;\"><strong><span style=\"color: #b01419;\">Veranstaltungsort<\/span><\/strong><\/span><\/h1>\n<p style=\"text-align: justify;\"><span style=\"font-size: 14pt;\"><a href=\"https:\/\/www.kronenschloesschen.de\" target=\"_blank\" rel=\"noopener\">Hotel Kronenschl\u00f6sschen<\/a><\/span><br \/>\n<span style=\"font-size: 14pt;\">Rheinallee<\/span><br \/>\n<span style=\"font-size: 14pt;\">65347 Eltville-Hattenheim<\/span>[\/vc_column_text][\/vc_column][\/vc_row][vc_row unlock_row_content=&#8220;yes&#8220; row_height_percent=&#8220;0&#8243; override_padding=&#8220;yes&#8220; h_padding=&#8220;2&#8243; top_padding=&#8220;1&#8243; bottom_padding=&#8220;3&#8243; back_color=&#8220;color-xsdn&#8220; overlay_alpha=&#8220;50&#8243; gutter_size=&#8220;4&#8243; column_width_use_pixel=&#8220;yes&#8220; shift_y=&#8220;0&#8243; z_index=&#8220;0&#8243; content_parallax=&#8220;0&#8243; column_width_pixel=&#8220;1600&#8243; uncode_shortcode_id=&#8220;187143&#8243; back_color_type=&#8220;uncode-palette&#8220; front_end_with_slider=&#8220;true&#8220;][vc_column column_width_percent=&#8220;100&#8243; align_horizontal=&#8220;align_center&#8220; gutter_size=&#8220;3&#8243; overlay_alpha=&#8220;50&#8243; shift_x=&#8220;0&#8243; shift_y=&#8220;0&#8243; shift_y_down=&#8220;0&#8243; z_index=&#8220;0&#8243; medium_width=&#8220;0&#8243; mobile_width=&#8220;0&#8243; width=&#8220;1\/1&#8243;][vc_empty_space empty_h=&#8220;2&#8243;][vc_custom_heading heading_semantic=&#8220;h3&#8243; text_size=&#8220;h1&#8243; uncode_shortcode_id=&#8220;148129&#8243;]<\/p>\n<h1><span style=\"font-size: 19pt;\"><strong>Einladung zu unserer Fachtagung am 26.\/27.11.2025 &#8211; Kronenschl\u00f6sschen &#8211; Eltville<\/strong><\/span><\/h1>\n<p>[\/vc_custom_heading][vc_empty_space empty_h=&#8220;2&#8243;][uncode_slider slider_interval=&#8220;0&#8243; slider_navspeed=&#8220;700&#8243; slider_loop=&#8220;yes&#8220; slider_hide_dots=&#8220;yes&#8220; el_id=&#8220;slider-194540&#8243;][vc_row_inner][vc_column_inner column_width_percent=&#8220;100&#8243; gutter_size=&#8220;3&#8243; overlay_alpha=&#8220;50&#8243; shift_x=&#8220;0&#8243; shift_y=&#8220;0&#8243; shift_y_down=&#8220;0&#8243; z_index=&#8220;0&#8243; medium_width=&#8220;0&#8243; mobile_width=&#8220;0&#8243; width=&#8220;1\/1&#8243; uncode_shortcode_id=&#8220;179598&#8243;][vc_single_image media=&#8220;88383&#8243; media_lightbox=&#8220;yes&#8220; media_width_percent=&#8220;82&#8243; alignment=&#8220;center&#8220; shadow=&#8220;yes&#8220; shadow_weight=&#8220;std&#8220; shadow_darker=&#8220;yes&#8220; uncode_shortcode_id=&#8220;801915&#8243;][\/vc_column_inner][\/vc_row_inner][vc_row_inner][vc_column_inner width=&#8220;1\/1&#8243;][vc_single_image media=&#8220;88387&#8243; media_lightbox=&#8220;yes&#8220; media_width_percent=&#8220;82&#8243; alignment=&#8220;center&#8220; shadow=&#8220;yes&#8220; shadow_weight=&#8220;std&#8220; shadow_darker=&#8220;yes&#8220; uncode_shortcode_id=&#8220;244909&#8243;][\/vc_column_inner][\/vc_row_inner][vc_row_inner][vc_column_inner width=&#8220;1\/1&#8243;][vc_single_image media=&#8220;88385&#8243; media_lightbox=&#8220;yes&#8220; media_width_percent=&#8220;82&#8243; alignment=&#8220;center&#8220; shadow=&#8220;yes&#8220; shadow_weight=&#8220;std&#8220; shadow_darker=&#8220;yes&#8220; uncode_shortcode_id=&#8220;154269&#8243;][\/vc_column_inner][\/vc_row_inner][\/uncode_slider][\/vc_column][\/vc_row][vc_row unlock_row_content=&#8220;yes&#8220; row_height_percent=&#8220;0&#8243; override_padding=&#8220;yes&#8220; h_padding=&#8220;2&#8243; top_padding=&#8220;3&#8243; bottom_padding=&#8220;3&#8243; back_color=&#8220;color-202836&#8243; overlay_alpha=&#8220;50&#8243; gutter_size=&#8220;4&#8243; column_width_use_pixel=&#8220;yes&#8220; shift_y=&#8220;0&#8243; z_index=&#8220;0&#8243; content_parallax=&#8220;0&#8243; column_width_pixel=&#8220;1600&#8243; uncode_shortcode_id=&#8220;676260&#8243; back_color_type=&#8220;uncode-palette&#8220;][vc_column column_width_percent=&#8220;100&#8243; align_horizontal=&#8220;align_center&#8220; gutter_size=&#8220;3&#8243; overlay_alpha=&#8220;50&#8243; shift_x=&#8220;0&#8243; shift_y=&#8220;0&#8243; shift_y_down=&#8220;0&#8243; z_index=&#8220;0&#8243; medium_width=&#8220;0&#8243; mobile_width=&#8220;0&#8243; width=&#8220;1\/1&#8243;][vc_column_text css_animation=&#8220;top-t-bottom&#8220; uncode_shortcode_id=&#8220;127318&#8243;]Weitere Informationen zu unserem Unternehmen erhalten Sie hier:[\/vc_column_text][vc_empty_space empty_h=&#8220;2&#8243;][vc_button button_color=&#8220;color-184891&#8243; outline=&#8220;yes&#8220; border_width=&#8220;0&#8243; display=&#8220;inline&#8220; css_animation=&#8220;bottom-t-top&#8220; animation_delay=&#8220;100&#8243; link=&#8220;url:https%3A%2F%2Fwww.gallehr.de%2Fde%2Fleistungen%2F|target:_blank&#8220; button_color_type=&#8220;uncode-palette&#8220; uncode_shortcode_id=&#8220;148578&#8243;]Leistungen[\/vc_button][vc_button button_color=&#8220;color-184891&#8243; outline=&#8220;yes&#8220; border_width=&#8220;0&#8243; display=&#8220;inline&#8220; css_animation=&#8220;bottom-t-top&#8220; animation_delay=&#8220;100&#8243; link=&#8220;url:https%3A%2F%2Fwww.gallehr.de%2Fde%2Freferenzen%2F|target:_blank&#8220; button_color_type=&#8220;uncode-palette&#8220; uncode_shortcode_id=&#8220;153141&#8243;]Referenzen[\/vc_button][vc_button button_color=&#8220;color-184891&#8243; outline=&#8220;yes&#8220; border_width=&#8220;0&#8243; display=&#8220;inline&#8220; lbox_dir=&#8220;vertical&#8220; link=&#8220;url:https%3A%2F%2Fwww.gallehr.de%2Fwordpress%2Fwp-content%2Fuploads%2F2023%2F08%2FGSR_Kurzvorstellung-2023-07.pdf|target:_blank&#8220; button_color_type=&#8220;uncode-palette&#8220; uncode_shortcode_id=&#8220;149192&#8243;]Kurzvorstellung[\/vc_button][vc_button button_color=&#8220;color-184891&#8243; outline=&#8220;yes&#8220; border_width=&#8220;0&#8243; display=&#8220;inline&#8220; css_animation=&#8220;bottom-t-top&#8220; animation_delay=&#8220;100&#8243; link=&#8220;url:https%3A%2F%2Fwww.gallehr.de%2Fnews%2F&#8220;]News &amp; Infos[\/vc_button][\/vc_column][\/vc_row]<\/p>\n<\/div>","protected":false},"excerpt":{"rendered":"<p>[vc_row unlock_row_content=&#8220;yes&#8220; row_height_percent=&#8220;0&#8243; override_padding=&#8220;yes&#8220; h_padding=&#8220;2&#8243; top_padding=&#8220;3&#8243; bottom_padding=&#8220;3&#8243; back_color=&#8220;color-202836&#8243; overlay_alpha=&#8220;50&#8243; gutter_size=&#8220;4&#8243; column_width_use_pixel=&#8220;yes&#8220; shift_y=&#8220;0&#8243; z_index=&#8220;0&#8243; column_width_pixel=&#8220;1600&#8243; uncode_shortcode_id=&#8220;188462&#8243; back_color_type=&#8220;uncode-palette&#8220;][vc_column column_width_percent=&#8220;100&#8243; position_vertical=&#8220;middle&#8220; gutter_size=&#8220;3&#8243; overlay_alpha=&#8220;50&#8243; [&hellip;]<\/p>\n","protected":false},"author":17,"featured_media":0,"parent":0,"menu_order":0,"comment_status":"closed","ping_status":"closed","template":"","meta":{"footnotes":""},"class_list":["post-88166","page","type-page","status-publish","hentry"],"_links":{"self":[{"href":"https:\/\/gallehr.flei.dev\/de\/wp-json\/wp\/v2\/pages\/88166","targetHints":{"allow":["GET"]}}],"collection":[{"href":"https:\/\/gallehr.flei.dev\/de\/wp-json\/wp\/v2\/pages"}],"about":[{"href":"https:\/\/gallehr.flei.dev\/de\/wp-json\/wp\/v2\/types\/page"}],"author":[{"embeddable":true,"href":"https:\/\/gallehr.flei.dev\/de\/wp-json\/wp\/v2\/users\/17"}],"replies":[{"embeddable":true,"href":"https:\/\/gallehr.flei.dev\/de\/wp-json\/wp\/v2\/comments?post=88166"}],"version-history":[{"count":0,"href":"https:\/\/gallehr.flei.dev\/de\/wp-json\/wp\/v2\/pages\/88166\/revisions"}],"wp:attachment":[{"href":"https:\/\/gallehr.flei.dev\/de\/wp-json\/wp\/v2\/media?parent=88166"}],"curies":[{"name":"wp","href":"https:\/\/api.w.org\/{rel}","templated":true}]}}